{"id":11,"date":"2022-03-02T18:17:53","date_gmt":"2022-03-02T23:17:53","guid":{"rendered":"https:\/\/oime.com.ec\/wordpress\/?page_id=11"},"modified":"2024-02-29T17:08:28","modified_gmt":"2024-02-29T22:08:28","slug":"__trashed","status":"publish","type":"page","link":"https:\/\/www.oime.com.ec\/?page_id=11","title":{"rendered":"QUI\u00c9NES SOMOS"},"content":{"rendered":"\t\t<div data-elementor-type=\"wp-page\" data-elementor-id=\"11\" class=\"elementor elementor-11\">\n\t\t\t\t\t\t<section class=\"elementor-section elementor-top-section elementor-element elementor-element-4da05181 elementor-section-boxed elementor-section-height-default elementor-section-height-default\" data-id=\"4da05181\" data-element_type=\"section\" data-e-type=\"section\">\n\t\t\t\t\t\t<div class=\"elementor-container elementor-column-gap-default\">\n\t\t\t\t\t<div class=\"elementor-column elementor-col-100 elementor-top-column elementor-element elementor-element-726ee4a9\" data-id=\"726ee4a9\" data-element_type=\"column\" data-e-type=\"column\">\n\t\t\t<div class=\"elementor-widget-wrap elementor-element-populated\">\n\t\t\t\t\t\t<div class=\"elementor-element elementor-element-68a37bb elementor-widget elementor-widget-text-editor\" data-id=\"68a37bb\" data-element_type=\"widget\" data-e-type=\"widget\" data-widget_type=\"text-editor.default\">\n\t\t\t\t<div class=\"elementor-widget-container\">\n\t\t\t\t\t\t\t\t\t<p><\/p>\n<div class=\"is-layout-flow wp-block-group-is-layout-flow\"><div class=\"wp-block-group__inner-container\">\n<div style=\"box-sizing: border-box;\">\n<p>El Observatorio Interuniversitario de Medios Ecuatorianos se constituye en una propuesta pionera de trabajo colaborativo alrededor del estudio sistem\u00e1tico y sostenido de la producci\u00f3n medi\u00e1tica nacional para identificar la difusi\u00f3n de contenidos falsos, desinformaci\u00f3n y otros trastornos de la informaci\u00f3n.<\/p>\n<p>Su creaci\u00f3n se dio en 2020, en el marco del proyecto Desinformaci\u00f3n en tiempos de Covid-19: estudio de medios e investigaci\u00f3n de datos period\u00edsticos y estrategias de verificaci\u00f3n de datos en Ecuador.<\/p>\n<p>El objetivo del Observatorio es fortalecer las capacidades de investigaci\u00f3n de las carreras de periodismo de la Universidad San Francisco de Quito, Universidad UTE, Universidad T\u00e9cnica de Cotopaxi, Universidad Central del Ecuador y Universidad T\u00e9cnica Particular de Loja. Con esas universidades socias m\u00e1s la cooperaci\u00f3n internacional GIZ trabaja en espacios de alfabetizaci\u00f3n digital y la producci\u00f3n de piezas period\u00edsticas alternativas, que constituyen otras acciones de su lucha contra la desinformaci\u00f3n.<\/p>\n<h2><strong>QUI\u00c9NES SOMOS EN KICHWA<\/strong><\/h2>\n<p>&nbsp;<\/p>\n<p>Ecuador mamallaktapi hillay anki rikunakuyka hatun sumac yachana wasi ukumantarikuy wi\u00f1achi kallarishkami tantakuy chani yanapay shinallatak \u00f1alla paktay charirishkawan shina ima llaki yachaykuna, mana alli willaykuna shinallatak shuktak mana alli willaykuna.<\/p>\n<p>Ishkay waranka ishkay chunka watapi wi\u00f1arirka, covid 19 unkuy tiyay pachakunapi mana alli willaykuna tiyaymanta: Ecuador mamallaktapi willaykunamanta pakchikunamantapash imashina kashkata taripankapak yachay kallarishkami.<\/p>\n<p>Kay rikunakuypak paktayka kanmi hatun sumac yachana wasikuna: San Francisco de Quito, UTE, Universidad T\u00e9cnica de Cotopaxi, Universidad T\u00e9cnica Particular de Loja, hay\u00f1i paktakay yachaymanta Hatun sumak yachana wasi Central del Ecuador, shinallatak Escuela Politecnica del Ecuador Hatun sumak yachana wasikuna.<\/p>\n<p>Chay tukuy hatun sumak yachana wasikuna tantanakushkakunawan yapa GIZ mama pacha yanapaywan, antaniki yachay pachapi shinallatak shuk shinalla willaykunata wi\u00f1achishpa, mana all\u00ed willaykunamanta llukshinkapak llamkaykunata ruramunchik.<\/p>\n<\/div>\n<\/div>\n<div>\n<div>\n<p><\/p>\n<div class=\"is-layout-flow wp-block-group-is-layout-flow\"><div class=\"wp-block-group__inner-container\">\n<p><\/p>\n<figure><img fetchpriority=\"high\" decoding=\"async\" src=\"https:\/\/oime.com.ec\/wp-content\/uploads\/LOGO-2-1-e1657296632955.jpeg\" alt=\"\" width=\"925\" height=\"634\"><\/figure>\n<p><\/p>\n<p><\/p>\n<h3 class=\"wp-block-heading\"><span style=\"color: var( --e-global-color-text ); background-color: transparent;\">INVESTIGADORES<\/span><\/h3>\n<div>\n<p><span style=\"background-color: transparent; color: var( --e-global-color-text ); font-family: var( --e-global-typography-text-font-family ), Sans-serif; font-size: 1rem; font-style: var( --e-global-typography-text-font-style ); font-weight: var( --e-global-typography-text-font-weight ); letter-spacing: var( --e-global-typography-text-letter-spacing ); word-spacing: var( --e-global-typography-text-word-spacing );\">Docentes y aliados del observatorio<\/span><\/p>\n<\/div>\n<div><a style=\"font-family: var( --e-global-typography-text-font-family ), Sans-serif; font-style: var( --e-global-typography-text-font-style ); font-weight: var( --e-global-typography-text-font-weight ); letter-spacing: var( --e-global-typography-text-letter-spacing ); word-spacing: var( --e-global-typography-text-word-spacing );\" href=\"https:\/\/oime.com.ec\/?page_id=365\">Con\u00f3celos aqu\u00ed<\/a><\/div>\n<\/div>\n<div>\n<p><\/p>\n<\/div><\/div>\n<p><\/p>\n<\/div><\/div>\n<p><\/p>\n<p><\/p>\n<div class=\"is-layout-flow wp-block-column-is-layout-flow\">\n<p><\/p>\n<div class=\"is-layout-flow wp-block-group-is-layout-flow\"><div class=\"wp-block-group__inner-container\">\n<p><\/p>\n<figure><img decoding=\"async\" src=\"https:\/\/oime.com.ec\/wp-content\/uploads\/Pame-en-microfono.jpg\" alt=\"\" width=\"925\" height=\"668\"><\/figure>\n<p><\/p>\n<p><\/p>\n<h3 class=\"wp-block-heading\"><span style=\"color: var( --e-global-color-text ); background-color: transparent;\">ECO en Medios de Comunicaci\u00f3n<\/span><\/h3>\n<p><span style=\"font-family: Roboto, sans-serif;\"><span style=\"font-size: 16px; font-weight: 400;\">Nuestros aliados en radio, televisi\u00f3n y medios digitales<\/span><\/span><\/p>\n<p><\/p>\n<p><\/p>\n<div class=\"is-style-outline--2\"><a href=\"https:\/\/oime.com.ec\/?page_id=986\" target=\"_blank\" rel=\"noopener\">Ent\u00e9rate aqu\u00ed<\/a><\/div>\n<p><\/p>\n<\/div><\/div>\n<p><\/p>\n<p><\/p>\n<div class=\"is-layout-flow wp-block-group-is-layout-flow\"><div class=\"wp-block-group__inner-container\">\n<p><\/p>\n<\/div><\/div>\n<p><\/p>\n<\/div>\n<p><\/p>\n<\/div>\n<p><!-- \/wp:columns --><\/p>\n<p><!-- wp:image {\"align\":\"full\",\"id\":37,\"sizeSlug\":\"full\"} --><\/p>\n<figure><img decoding=\"async\" src=\"https:\/\/oime.com.ec\/wp-content\/uploads\/Mundo-y-periodico.jpg\" alt=\"\" width=\"1920\" height=\"603\"><\/figure>\n<p><!-- \/wp:image --><\/p>\n<p><!-- wp:group {\"align\":\"wide\"} --><\/p>\n<div>\n<p><!-- wp:heading {\"textAlign\":\"center\",\"textColor\":\"accent\"} --><\/p>\n<h2>QU\u00c9 HACEMOS<\/h2>\n<p><!-- \/wp:heading --><\/p>\n<\/div>\n<p><!-- \/wp:group --><\/p>\n<p><!-- wp:paragraph {\"dropCap\":true} --><\/p>\n<p>Desde los enfoques del periodismo de investigaci\u00f3n, del periodismo de datos y el periodismo de soluci\u00f3n, su trabajo se centra en: el monitoreo de la producci\u00f3n (des)informativa alrededor de la Covid-19 con fines diversos, la generaci\u00f3n de datos cuanti-cualitativos comparables entre otros organismos de estudio de desinformaci\u00f3n y el an\u00e1lisis de las tendencias tem\u00e1ticas y formatos de fake news en Ecuador.&nbsp;&nbsp;<\/p>\n<div>\n<h2>&nbsp;<\/h2>\n<h2>C\u00d3MO LO HACEMOS<\/h2>\n<p><!-- \/wp:heading --><\/p>\n<\/div>\n<p><!-- \/wp:group --><\/p>\n<p><!-- wp:paragraph {\"dropCap\":true} --><\/p>\n<p>Se integran esos saberes, conocimientos y experiencias en actividades de multialfabetizaci\u00f3n para el desarrollo de competencias de consumos digitales de informaci\u00f3n y una cultura de verificaci\u00f3n entre la poblaci\u00f3n ecuatoriana.<\/p>\n<div style=\"background-color: #ffffff;\">\n<div>\n<h6><a href=\"https:\/\/make.wordpress.org\/core\/2019\/09\/27\/block-editor-theme-related-updates-in-wordpress-5-3\/\">#Pr\u00e1cticasCiudadanas: derechos, educaci\u00f3n ciudadana, migraci\u00f3n <\/a><\/h6>\n<h6>&nbsp;<\/h6>\n<h6><a href=\"https:\/\/make.wordpress.org\/core\/2019\/09\/27\/block-editor-theme-related-updates-in-wordpress-5-3\/\">#Divulgaci\u00f3nCient\u00edfica: medios sociales y cultura cient\u00edfica <\/a><\/h6>\n<h6>&nbsp;<\/h6>\n<h6><a href=\"https:\/\/make.wordpress.org\/core\/2019\/09\/27\/block-editor-theme-related-updates-in-wordpress-5-3\/\">#Opini\u00f3nP\u00fablica: comunicaci\u00f3n de masas, impacto de la comunicaci\u00f3n, informaci\u00f3n p\u00fablica, usuarios de la comunicaci\u00f3n <\/a><\/h6>\n<h6>&nbsp;<\/h6>\n<h6><a href=\"https:\/\/make.wordpress.org\/core\/2019\/09\/27\/block-editor-theme-related-updates-in-wordpress-5-3\/\">#Pr\u00e1cticasPeriod\u00edsticas: \u00e9tica del periodismo, medios, medios digitales, medios sociales<\/a><\/h6>\n<\/div>\n<\/div>\n<figure>\n<p><!-- \/wp:image --><\/p>\n<\/figure>\n<p><!-- \/wp:gallery --><\/p>\t\t\t\t\t\t\t\t<\/div>\n\t\t\t\t<\/div>\n\t\t\t\t\t<\/div>\n\t\t<\/div>\n\t\t\t\t\t<\/div>\n\t\t<\/section>\n\t\t\t\t<section class=\"elementor-section elementor-top-section elementor-element elementor-element-cb871ee elementor-section-boxed elementor-section-height-default elementor-section-height-default\" data-id=\"cb871ee\" data-element_type=\"section\" data-e-type=\"section\">\n\t\t\t\t\t\t<div class=\"elementor-container elementor-column-gap-default\">\n\t\t\t\t\t<div class=\"elementor-column elementor-col-100 elementor-top-column elementor-element elementor-element-bee1817\" data-id=\"bee1817\" data-element_type=\"column\" data-e-type=\"column\">\n\t\t\t<div class=\"elementor-widget-wrap elementor-element-populated\">\n\t\t\t\t\t\t<div class=\"elementor-element elementor-element-86819e1 elementor-widget elementor-widget-text-editor\" data-id=\"86819e1\" data-element_type=\"widget\" data-e-type=\"widget\" data-widget_type=\"text-editor.default\">\n\t\t\t\t<div class=\"elementor-widget-container\">\n\t\t\t\t\t\t\t\t\t<h2 style=\"text-align: justify;\">HEMOS COLABORADO CON:<\/h2>\n<div>\u00a0<\/div>\t\t\t\t\t\t\t\t<\/div>\n\t\t\t\t<\/div>\n\t\t\t\t\t<\/div>\n\t\t<\/div>\n\t\t\t\t\t<\/div>\n\t\t<\/section>\n\t\t\t\t<section class=\"elementor-section elementor-top-section elementor-element elementor-element-1888a03 elementor-section-boxed elementor-section-height-default elementor-section-height-default\" data-id=\"1888a03\" data-element_type=\"section\" data-e-type=\"section\">\n\t\t\t\t\t\t<div class=\"elementor-container elementor-column-gap-default\">\n\t\t\t\t\t<div class=\"elementor-column elementor-col-33 elementor-top-column elementor-element elementor-element-a21de40\" data-id=\"a21de40\" data-element_type=\"column\" data-e-type=\"column\">\n\t\t\t<div class=\"elementor-widget-wrap elementor-element-populated\">\n\t\t\t\t\t\t<div class=\"elementor-element elementor-element-16ca5e0 elementor-widget__width-initial elementor-widget elementor-widget-text-editor\" data-id=\"16ca5e0\" data-element_type=\"widget\" data-e-type=\"widget\" data-widget_type=\"text-editor.default\">\n\t\t\t\t<div class=\"elementor-widget-container\">\n\t\t\t\t\t\t\t\t\t<h5 style=\"text-align: center;\"><b>Medios de comunicaci\u00f3n<\/b><\/h5>\n<p><\/p>\n<p style=\"text-align: center;\"><span style=\"color: var( --e-global-color-text ); font-family: var( --e-global-typography-text-font-family ), Sans-serif; font-style: var( --e-global-typography-text-font-style ); font-weight: var( --e-global-typography-text-font-weight ); letter-spacing: var( --e-global-typography-text-letter-spacing ); word-spacing: var( --e-global-typography-text-word-spacing ); background-color: transparent; font-size: 1rem;\">C\u00d3DIGO VIDRIO<\/span><\/p>\n<p style=\"text-align: center;\"><span style=\"color: var( --e-global-color-text ); font-family: var( --e-global-typography-text-font-family ), Sans-serif; font-style: var( --e-global-typography-text-font-style ); font-weight: var( --e-global-typography-text-font-weight ); letter-spacing: var( --e-global-typography-text-letter-spacing ); word-spacing: var( --e-global-typography-text-word-spacing ); background-color: transparent; font-size: 1rem;\">VISTAZO&nbsp;<\/span><\/p>\n<p style=\"text-align: center;\"><span style=\"color: var( --e-global-color-text ); font-family: var( --e-global-typography-text-font-family ), Sans-serif; font-style: var( --e-global-typography-text-font-style ); font-weight: var( --e-global-typography-text-font-weight ); letter-spacing: var( --e-global-typography-text-letter-spacing ); word-spacing: var( --e-global-typography-text-word-spacing ); background-color: transparent; font-size: 1rem;\">EL UNIVERSO<\/span><\/p>\n<p style=\"text-align: center;\"><span style=\"color: var( --e-global-color-text ); font-family: var( --e-global-typography-text-font-family ), Sans-serif; font-style: var( --e-global-typography-text-font-style ); font-weight: var( --e-global-typography-text-font-weight ); letter-spacing: var( --e-global-typography-text-letter-spacing ); word-spacing: var( --e-global-typography-text-word-spacing ); background-color: transparent; font-size: 1rem;\">RADIO FACSO<\/span><\/p><p style=\"text-align: center;\"><p style=\"box-sizing: border-box; margin-top: 0px; margin-bottom: 25px; color: rgb(122, 122, 122); font-family: Roboto, sans-serif; font-size: 16px; font-style: normal; font-variant-ligatures: normal; font-variant-caps: normal; font-weight: 400; letter-spacing: 0.5px; orphans: 2; text-align: start; text-indent: 0px; text-transform: none; widows: 2; word-spacing: 0px; -webkit-text-stroke-width: 0px; white-space: normal; background-color: rgb(250, 250, 250); text-decoration-thickness: initial; text-decoration-style: initial; text-decoration-color: initial;\"><\/p><\/p><h5 style=\"box-sizing: border-box; clear: both; font-family: Oswald; font-weight: 700; margin: 0px; font-size: 18px; color: rgb(122, 122, 122); font-style: normal; font-variant-ligatures: normal; font-variant-caps: normal; letter-spacing: 0.5px; orphans: 2; text-indent: 0px; text-transform: none; widows: 2; word-spacing: 0px; -webkit-text-stroke-width: 0px; white-space: normal; background-color: rgb(250, 250, 250); text-decoration-thickness: initial; text-decoration-style: initial; text-decoration-color: initial; text-align: center;\">Coaliciones<\/h5><div><br><\/div>\n<p style=\"text-align: center;\"><span style=\"color: var( --e-global-color-text ); font-family: var( --e-global-typography-text-font-family ), Sans-serif; font-style: var( --e-global-typography-text-font-style ); font-weight: var( --e-global-typography-text-font-weight ); letter-spacing: var( --e-global-typography-text-letter-spacing ); word-spacing: var( --e-global-typography-text-word-spacing ); background-color: transparent; font-size: 1rem;\">ECUADOR VERIFICA<\/span><\/p>\t\t\t\t\t\t\t\t<\/div>\n\t\t\t\t<\/div>\n\t\t\t\t\t<\/div>\n\t\t<\/div>\n\t\t\t\t<div class=\"elementor-column elementor-col-33 elementor-top-column elementor-element elementor-element-4f0566a\" data-id=\"4f0566a\" data-element_type=\"column\" data-e-type=\"column\">\n\t\t\t<div class=\"elementor-widget-wrap elementor-element-populated\">\n\t\t\t\t\t\t<div class=\"elementor-element elementor-element-157e5c1 elementor-widget elementor-widget-text-editor\" data-id=\"157e5c1\" data-element_type=\"widget\" data-e-type=\"widget\" data-widget_type=\"text-editor.default\">\n\t\t\t\t<div class=\"elementor-widget-container\">\n\t\t\t\t\t\t\t\t\t<h5 style=\"text-align: center;\"><strong>Organizaciones de las Naciones Unidas<\/strong><\/h5>\n<p style=\"text-align: center;\"><span style=\"color: var( --e-global-color-text ); font-family: var( --e-global-typography-text-font-family ), Sans-serif; font-style: var( --e-global-typography-text-font-style ); font-weight: var( --e-global-typography-text-font-weight ); letter-spacing: var( --e-global-typography-text-letter-spacing ); word-spacing: var( --e-global-typography-text-word-spacing ); background-color: transparent; font-size: 1rem;\">\u00a0<\/span><\/p>\n<p style=\"text-align: center;\"><span style=\"color: var( --e-global-color-text ); font-family: var( --e-global-typography-text-font-family ), Sans-serif; font-style: var( --e-global-typography-text-font-style ); font-weight: var( --e-global-typography-text-font-weight ); letter-spacing: var( --e-global-typography-text-letter-spacing ); word-spacing: var( --e-global-typography-text-word-spacing ); background-color: transparent; font-size: 1rem;\">ACNUR<\/span><\/p>\n<p style=\"text-align: center;\"><span style=\"color: var( --e-global-color-text ); font-family: var( --e-global-typography-text-font-family ), Sans-serif; font-style: var( --e-global-typography-text-font-style ); font-weight: var( --e-global-typography-text-font-weight ); letter-spacing: var( --e-global-typography-text-letter-spacing ); word-spacing: var( --e-global-typography-text-word-spacing ); background-color: transparent; font-size: 1rem;\">UNESCO<\/span><\/p>\t\t\t\t\t\t\t\t<\/div>\n\t\t\t\t<\/div>\n\t\t\t\t\t<\/div>\n\t\t<\/div>\n\t\t\t\t<div class=\"elementor-column elementor-col-33 elementor-top-column elementor-element elementor-element-9570a9f\" data-id=\"9570a9f\" data-element_type=\"column\" data-e-type=\"column\">\n\t\t\t<div class=\"elementor-widget-wrap elementor-element-populated\">\n\t\t\t\t\t\t<div class=\"elementor-element elementor-element-c97bbbf elementor-widget elementor-widget-text-editor\" data-id=\"c97bbbf\" data-element_type=\"widget\" data-e-type=\"widget\" data-widget_type=\"text-editor.default\">\n\t\t\t\t<div class=\"elementor-widget-container\">\n\t\t\t\t\t\t\t\t\t<h5 style=\"text-align: center;\"><strong>Empresas<\/strong><\/h5>\n<p style=\"text-align: center;\">\u00a0<\/p>\n<p style=\"text-align: center;\">PFIZER<\/p>\t\t\t\t\t\t\t\t<\/div>\n\t\t\t\t<\/div>\n\t\t\t\t\t<\/div>\n\t\t<\/div>\n\t\t\t\t\t<\/div>\n\t\t<\/section>\n\t\t\t\t<\/div>\n\t\t","protected":false},"excerpt":{"rendered":"<p>INVESTIGADORES Docentes y aliados del observatorio Con\u00f3celos aqu\u00ed ECO en Medios de Comunicaci\u00f3n Nuestros aliados en radio, televisi\u00f3n y medios digitales QU\u00c9 HACEMOS Desde los<\/p>\n","protected":false},"author":1,"featured_media":0,"parent":0,"menu_order":0,"comment_status":"closed","ping_status":"closed","template":"","meta":{"footnotes":""},"class_list":["post-11","page","type-page","status-publish","hentry","three-columns"],"_links":{"self":[{"href":"https:\/\/www.oime.com.ec\/index.php?rest_route=\/wp\/v2\/pages\/11","targetHints":{"allow":["GET"]}}],"collection":[{"href":"https:\/\/www.oime.com.ec\/index.php?rest_route=\/wp\/v2\/pages"}],"about":[{"href":"https:\/\/www.oime.com.ec\/index.php?rest_route=\/wp\/v2\/types\/page"}],"author":[{"embeddable":true,"href":"https:\/\/www.oime.com.ec\/index.php?rest_route=\/wp\/v2\/users\/1"}],"replies":[{"embeddable":true,"href":"https:\/\/www.oime.com.ec\/index.php?rest_route=%2Fwp%2Fv2%2Fcomments&post=11"}],"version-history":[{"count":125,"href":"https:\/\/www.oime.com.ec\/index.php?rest_route=\/wp\/v2\/pages\/11\/revisions"}],"predecessor-version":[{"id":1922,"href":"https:\/\/www.oime.com.ec\/index.php?rest_route=\/wp\/v2\/pages\/11\/revisions\/1922"}],"wp:attachment":[{"href":"https:\/\/www.oime.com.ec\/index.php?rest_route=%2Fwp%2Fv2%2Fmedia&parent=11"}],"curies":[{"name":"wp","href":"https:\/\/api.w.org\/{rel}","templated":true}]}}